{"id":4884,"date":"2023-09-25T11:48:41","date_gmt":"2023-09-25T09:48:41","guid":{"rendered":"https:\/\/usf-luxembourg.eu\/wp-content\/uploads\/2023\/09\/logo-USF-Luxembourg.jpg"},"modified":"2023-09-25T13:09:10","modified_gmt":"2023-09-25T11:09:10","slug":"logo-usf-luxembourg-2","status":"inherit","type":"attachment","link":"https:\/\/usf-luxembourg.eu\/en\/logo-usf-luxembourg-2\/","title":{"rendered":"logo-USF Luxembourg"},"author":6,"featured_media":0,"comment_status":"closed","ping_status":"closed","template":"","meta":{"_lmt_disableupdate":"","_lmt_disable":""},"class_list":["post-4884","attachment","type-attachment","status-inherit","hentry"],"yoast_head":"<!-- This site is optimized with the Yoast SEO plugin v27.3 - https:\/\/yoast.com\/product\/yoast-seo-wordpress\/ -->\n<title>logo-USF Luxembourg - Union Syndicale F\u00e9d\u00e9rale Luxembourg<\/title>\n<meta name=\"robots\" content=\"index, follow, max-snippet:-1, max-image-preview:large, max-video-preview:-1\" \/>\n<link rel=\"canonical\" href=\"https:\/\/usf-luxembourg.eu\/wp-content\/uploads\/2023\/09\/logo-USF-Luxembourg.jpg\" \/>\n<meta property=\"og:locale\" content=\"en_US\" \/>\n<meta property=\"og:type\" content=\"article\" \/>\n<meta property=\"og:title\" content=\"logo-USF Luxembourg - Union Syndicale F\u00e9d\u00e9rale Luxembourg\" \/>\n<meta property=\"og:url\" content=\"https:\/\/usf-luxembourg.eu\/wp-content\/uploads\/2023\/09\/logo-USF-Luxembourg.jpg\" \/>\n<meta property=\"og:site_name\" content=\"Union Syndicale F\u00e9d\u00e9rale Luxembourg\" \/>\n<meta property=\"article:modified_time\" content=\"2023-09-25T11:09:10+00:00\" \/>\n<meta property=\"og:image\" content=\"https:\/\/usf-luxembourg.eu\/wp-content\/uploads\/2023\/09\/logo-USF-Luxembourg.jpg\" \/>\n\t<meta property=\"og:image:width\" content=\"2311\" \/>\n\t<meta property=\"og:image:height\" content=\"831\" \/>\n\t<meta property=\"og:image:type\" content=\"image\/jpeg\" \/>\n<meta name=\"twitter:card\" content=\"summary_large_image\" \/>\n<script type=\"application\/ld+json\" class=\"yoast-schema-graph\">{\"@context\":\"https:\\\/\\\/schema.org\",\"@graph\":[{\"@type\":\"WebPage\",\"@id\":\"https:\\\/\\\/usf-luxembourg.eu\\\/wp-content\\\/uploads\\\/2023\\\/09\\\/logo-USF-Luxembourg.jpg\",\"url\":\"https:\\\/\\\/usf-luxembourg.eu\\\/wp-content\\\/uploads\\\/2023\\\/09\\\/logo-USF-Luxembourg.jpg\",\"name\":\"logo-USF Luxembourg - Union Syndicale F\u00e9d\u00e9rale Luxembourg\",\"isPartOf\":{\"@id\":\"https:\\\/\\\/usf-luxembourg.eu\\\/#website\"},\"datePublished\":\"2023-09-25T09:48:41+00:00\",\"dateModified\":\"2023-09-25T11:09:10+00:00\",\"breadcrumb\":{\"@id\":\"https:\\\/\\\/usf-luxembourg.eu\\\/wp-content\\\/uploads\\\/2023\\\/09\\\/logo-USF-Luxembourg.jpg#breadcrumb\"},\"inLanguage\":\"en-US\",\"potentialAction\":[{\"@type\":\"ReadAction\",\"target\":[\"https:\\\/\\\/usf-luxembourg.eu\\\/wp-content\\\/uploads\\\/2023\\\/09\\\/logo-USF-Luxembourg.jpg\"]}]},{\"@type\":\"BreadcrumbList\",\"@id\":\"https:\\\/\\\/usf-luxembourg.eu\\\/wp-content\\\/uploads\\\/2023\\\/09\\\/logo-USF-Luxembourg.jpg#breadcrumb\",\"itemListElement\":[{\"@type\":\"ListItem\",\"position\":1,\"name\":\"Accueil\",\"item\":\"https:\\\/\\\/usf-luxembourg.eu\\\/en\\\/\"},{\"@type\":\"ListItem\",\"position\":2,\"name\":\"logo-USF Luxembourg\"}]},{\"@type\":\"WebSite\",\"@id\":\"https:\\\/\\\/usf-luxembourg.eu\\\/#website\",\"url\":\"https:\\\/\\\/usf-luxembourg.eu\\\/\",\"name\":\"Union Syndicale F\u00e9d\u00e9rale Luxembourg\",\"description\":\"La solidarit\u00e9 est notre m\u00e9tier, la d\u00e9fense du personnel notre Mission\",\"publisher\":{\"@id\":\"https:\\\/\\\/usf-luxembourg.eu\\\/#organization\"},\"potentialAction\":[{\"@type\":\"SearchAction\",\"target\":{\"@type\":\"EntryPoint\",\"urlTemplate\":\"https:\\\/\\\/usf-luxembourg.eu\\\/?s={search_term_string}\"},\"query-input\":{\"@type\":\"PropertyValueSpecification\",\"valueRequired\":true,\"valueName\":\"search_term_string\"}}],\"inLanguage\":\"en-US\"},{\"@type\":\"Organization\",\"@id\":\"https:\\\/\\\/usf-luxembourg.eu\\\/#organization\",\"name\":\"Union Syndicale F\u00e9d\u00e9rale Luxembourg\",\"url\":\"https:\\\/\\\/usf-luxembourg.eu\\\/\",\"logo\":{\"@type\":\"ImageObject\",\"inLanguage\":\"en-US\",\"@id\":\"https:\\\/\\\/usf-luxembourg.eu\\\/#\\\/schema\\\/logo\\\/image\\\/\",\"url\":\"https:\\\/\\\/usf-luxembourg.eu\\\/wp-content\\\/uploads\\\/2023\\\/09\\\/logo-USF-Luxembourg.jpg\",\"contentUrl\":\"https:\\\/\\\/usf-luxembourg.eu\\\/wp-content\\\/uploads\\\/2023\\\/09\\\/logo-USF-Luxembourg.jpg\",\"width\":2311,\"height\":831,\"caption\":\"Union Syndicale F\u00e9d\u00e9rale Luxembourg\"},\"image\":{\"@id\":\"https:\\\/\\\/usf-luxembourg.eu\\\/#\\\/schema\\\/logo\\\/image\\\/\"}}]}<\/script>\n<!-- \/ Yoast SEO plugin. -->","yoast_head_json":{"title":"logo-USF Luxembourg - Union Syndicale F\u00e9d\u00e9rale Luxembourg","robots":{"index":"index","follow":"follow","max-snippet":"max-snippet:-1","max-image-preview":"max-image-preview:large","max-video-preview":"max-video-preview:-1"},"canonical":"https:\/\/usf-luxembourg.eu\/wp-content\/uploads\/2023\/09\/logo-USF-Luxembourg.jpg","og_locale":"en_US","og_type":"article","og_title":"logo-USF Luxembourg - Union Syndicale F\u00e9d\u00e9rale Luxembourg","og_url":"https:\/\/usf-luxembourg.eu\/wp-content\/uploads\/2023\/09\/logo-USF-Luxembourg.jpg","og_site_name":"Union Syndicale F\u00e9d\u00e9rale Luxembourg","article_modified_time":"2023-09-25T11:09:10+00:00","og_image":[{"width":2311,"height":831,"url":"https:\/\/usf-luxembourg.eu\/wp-content\/uploads\/2023\/09\/logo-USF-Luxembourg.jpg","type":"image\/jpeg"}],"twitter_card":"summary_large_image","schema":{"@context":"https:\/\/schema.org","@graph":[{"@type":"WebPage","@id":"https:\/\/usf-luxembourg.eu\/wp-content\/uploads\/2023\/09\/logo-USF-Luxembourg.jpg","url":"https:\/\/usf-luxembourg.eu\/wp-content\/uploads\/2023\/09\/logo-USF-Luxembourg.jpg","name":"logo-USF Luxembourg - Union Syndicale F\u00e9d\u00e9rale Luxembourg","isPartOf":{"@id":"https:\/\/usf-luxembourg.eu\/#website"},"datePublished":"2023-09-25T09:48:41+00:00","dateModified":"2023-09-25T11:09:10+00:00","breadcrumb":{"@id":"https:\/\/usf-luxembourg.eu\/wp-content\/uploads\/2023\/09\/logo-USF-Luxembourg.jpg#breadcrumb"},"inLanguage":"en-US","potentialAction":[{"@type":"ReadAction","target":["https:\/\/usf-luxembourg.eu\/wp-content\/uploads\/2023\/09\/logo-USF-Luxembourg.jpg"]}]},{"@type":"BreadcrumbList","@id":"https:\/\/usf-luxembourg.eu\/wp-content\/uploads\/2023\/09\/logo-USF-Luxembourg.jpg#breadcrumb","itemListElement":[{"@type":"ListItem","position":1,"name":"Accueil","item":"https:\/\/usf-luxembourg.eu\/en\/"},{"@type":"ListItem","position":2,"name":"logo-USF Luxembourg"}]},{"@type":"WebSite","@id":"https:\/\/usf-luxembourg.eu\/#website","url":"https:\/\/usf-luxembourg.eu\/","name":"Union Syndicale F\u00e9d\u00e9rale Luxembourg","description":"La solidarit\u00e9 est notre m\u00e9tier, la d\u00e9fense du personnel notre Mission","publisher":{"@id":"https:\/\/usf-luxembourg.eu\/#organization"},"potentialAction":[{"@type":"SearchAction","target":{"@type":"EntryPoint","urlTemplate":"https:\/\/usf-luxembourg.eu\/?s={search_term_string}"},"query-input":{"@type":"PropertyValueSpecification","valueRequired":true,"valueName":"search_term_string"}}],"inLanguage":"en-US"},{"@type":"Organization","@id":"https:\/\/usf-luxembourg.eu\/#organization","name":"Union Syndicale F\u00e9d\u00e9rale Luxembourg","url":"https:\/\/usf-luxembourg.eu\/","logo":{"@type":"ImageObject","inLanguage":"en-US","@id":"https:\/\/usf-luxembourg.eu\/#\/schema\/logo\/image\/","url":"https:\/\/usf-luxembourg.eu\/wp-content\/uploads\/2023\/09\/logo-USF-Luxembourg.jpg","contentUrl":"https:\/\/usf-luxembourg.eu\/wp-content\/uploads\/2023\/09\/logo-USF-Luxembourg.jpg","width":2311,"height":831,"caption":"Union Syndicale F\u00e9d\u00e9rale Luxembourg"},"image":{"@id":"https:\/\/usf-luxembourg.eu\/#\/schema\/logo\/image\/"}}]}},"description":{"rendered":"<p class=\"attachment\"><a data-rel=\"iLightbox[postimages]\" data-title=\"\" data-caption=\"\" href='https:\/\/usf-luxembourg.eu\/wp-content\/uploads\/2023\/09\/logo-USF-Luxembourg.jpg'><img decoding=\"async\" width=\"300\" height=\"108\" src=\"https:\/\/usf-luxembourg.eu\/wp-content\/uploads\/2023\/09\/logo-USF-Luxembourg-300x108.jpg\" class=\"attachment-medium size-medium\" alt=\"\" srcset=\"https:\/\/usf-luxembourg.eu\/wp-content\/uploads\/2023\/09\/logo-USF-Luxembourg-200x72.jpg 200w, https:\/\/usf-luxembourg.eu\/wp-content\/uploads\/2023\/09\/logo-USF-Luxembourg-300x108.jpg 300w, https:\/\/usf-luxembourg.eu\/wp-content\/uploads\/2023\/09\/logo-USF-Luxembourg-400x144.jpg 400w, https:\/\/usf-luxembourg.eu\/wp-content\/uploads\/2023\/09\/logo-USF-Luxembourg-600x216.jpg 600w, https:\/\/usf-luxembourg.eu\/wp-content\/uploads\/2023\/09\/logo-USF-Luxembourg-768x276.jpg 768w, https:\/\/usf-luxembourg.eu\/wp-content\/uploads\/2023\/09\/logo-USF-Luxembourg-800x288.jpg 800w, https:\/\/usf-luxembourg.eu\/wp-content\/uploads\/2023\/09\/logo-USF-Luxembourg-1024x368.jpg 1024w, https:\/\/usf-luxembourg.eu\/wp-content\/uploads\/2023\/09\/logo-USF-Luxembourg-1200x432.jpg 1200w, https:\/\/usf-luxembourg.eu\/wp-content\/uploads\/2023\/09\/logo-USF-Luxembourg-1536x552.jpg 1536w\" sizes=\"(max-width: 300px) 100vw, 300px\" \/><\/a><\/p>\n"},"caption":{"rendered":""},"alt_text":"","media_type":"image","mime_type":"image\/jpeg","media_details":{"width":2311,"height":831,"file":"2023\/09\/logo-USF-Luxembourg.jpg","filesize":280186,"sizes":{"medium":{"file":"logo-USF-Luxembourg-300x108.jpg","width":300,"height":108,"filesize":31200,"mime_type":"image\/jpeg","source_url":"https:\/\/usf-luxembourg.eu\/wp-content\/uploads\/2023\/09\/logo-USF-Luxembourg-300x108.jpg"},"large":{"file":"logo-USF-Luxembourg-1024x368.jpg","width":1024,"height":368,"filesize":67925,"mime_type":"image\/jpeg","source_url":"https:\/\/usf-luxembourg.eu\/wp-content\/uploads\/2023\/09\/logo-USF-Luxembourg-1024x368.jpg"},"thumbnail":{"file":"logo-USF-Luxembourg-150x150.jpg","width":150,"height":150,"filesize":27969,"mime_type":"image\/jpeg","source_url":"https:\/\/usf-luxembourg.eu\/wp-content\/uploads\/2023\/09\/logo-USF-Luxembourg-150x150.jpg"},"medium_large":{"file":"logo-USF-Luxembourg-768x276.jpg","width":768,"height":276,"filesize":54904,"mime_type":"image\/jpeg","source_url":"https:\/\/usf-luxembourg.eu\/wp-content\/uploads\/2023\/09\/logo-USF-Luxembourg-768x276.jpg"},"1536x1536":{"file":"logo-USF-Luxembourg-1536x552.jpg","width":1536,"height":552,"filesize":94977,"mime_type":"image\/jpeg","source_url":"https:\/\/usf-luxembourg.eu\/wp-content\/uploads\/2023\/09\/logo-USF-Luxembourg-1536x552.jpg"},"2048x2048":{"file":"logo-USF-Luxembourg-2048x736.jpg","width":2048,"height":736,"filesize":122484,"mime_type":"image\/jpeg","source_url":"https:\/\/usf-luxembourg.eu\/wp-content\/uploads\/2023\/09\/logo-USF-Luxembourg-2048x736.jpg"},"portfolio-full":{"file":"logo-USF-Luxembourg-940x400.jpg","width":940,"height":400,"filesize":65297,"mime_type":"image\/jpeg","source_url":"https:\/\/usf-luxembourg.eu\/wp-content\/uploads\/2023\/09\/logo-USF-Luxembourg-940x400.jpg"},"portfolio-one":{"file":"logo-USF-Luxembourg-540x272.jpg","width":540,"height":272,"filesize":45732,"mime_type":"image\/jpeg","source_url":"https:\/\/usf-luxembourg.eu\/wp-content\/uploads\/2023\/09\/logo-USF-Luxembourg-540x272.jpg"},"portfolio-two":{"file":"logo-USF-Luxembourg-460x295.jpg","width":460,"height":295,"filesize":43647,"mime_type":"image\/jpeg","source_url":"https:\/\/usf-luxembourg.eu\/wp-content\/uploads\/2023\/09\/logo-USF-Luxembourg-460x295.jpg"},"portfolio-three":{"file":"logo-USF-Luxembourg-300x214.jpg","width":300,"height":214,"filesize":35276,"mime_type":"image\/jpeg","source_url":"https:\/\/usf-luxembourg.eu\/wp-content\/uploads\/2023\/09\/logo-USF-Luxembourg-300x214.jpg"},"portfolio-five":{"file":"logo-USF-Luxembourg-177x142.jpg","width":177,"height":142,"filesize":28171,"mime_type":"image\/jpeg","source_url":"https:\/\/usf-luxembourg.eu\/wp-content\/uploads\/2023\/09\/logo-USF-Luxembourg-177x142.jpg"},"blog-large":{"file":"logo-USF-Luxembourg-669x272.jpg","width":669,"height":272,"filesize":50354,"mime_type":"image\/jpeg","source_url":"https:\/\/usf-luxembourg.eu\/wp-content\/uploads\/2023\/09\/logo-USF-Luxembourg-669x272.jpg"},"blog-medium":{"file":"logo-USF-Luxembourg-320x202.jpg","width":320,"height":202,"filesize":35741,"mime_type":"image\/jpeg","source_url":"https:\/\/usf-luxembourg.eu\/wp-content\/uploads\/2023\/09\/logo-USF-Luxembourg-320x202.jpg"},"recent-posts":{"file":"logo-USF-Luxembourg-700x441.jpg","width":700,"height":441,"filesize":58060,"mime_type":"image\/jpeg","source_url":"https:\/\/usf-luxembourg.eu\/wp-content\/uploads\/2023\/09\/logo-USF-Luxembourg-700x441.jpg"},"recent-works-thumbnail":{"file":"logo-USF-Luxembourg-66x66.jpg","width":66,"height":66,"filesize":23098,"mime_type":"image\/jpeg","source_url":"https:\/\/usf-luxembourg.eu\/wp-content\/uploads\/2023\/09\/logo-USF-Luxembourg-66x66.jpg"},"0":{"file":"logo-USF-Luxembourg-200x72.jpg","width":200,"height":72,"filesize":26348,"mime_type":"image\/jpeg","source_url":"https:\/\/usf-luxembourg.eu\/wp-content\/uploads\/2023\/09\/logo-USF-Luxembourg.jpg"},"1":{"file":"logo-USF-Luxembourg-400x144.jpg","width":400,"height":144,"filesize":35567,"mime_type":"image\/jpeg","source_url":"https:\/\/usf-luxembourg.eu\/wp-content\/uploads\/2023\/09\/logo-USF-Luxembourg-400x144.jpg"},"2":{"file":"logo-USF-Luxembourg-600x216.jpg","width":600,"height":216,"filesize":46026,"mime_type":"image\/jpeg","source_url":"https:\/\/usf-luxembourg.eu\/wp-content\/uploads\/2023\/09\/logo-USF-Luxembourg-600x216.jpg"},"3":{"file":"logo-USF-Luxembourg-800x288.jpg","width":800,"height":288,"filesize":56391,"mime_type":"image\/jpeg","source_url":"https:\/\/usf-luxembourg.eu\/wp-content\/uploads\/2023\/09\/logo-USF-Luxembourg-800x288.jpg"},"4":{"file":"logo-USF-Luxembourg-1200x432.jpg","width":1200,"height":432,"filesize":77629,"mime_type":"image\/jpeg","source_url":"https:\/\/usf-luxembourg.eu\/wp-content\/uploads\/2023\/09\/logo-USF-Luxembourg-1200x432.jpg"},"full":{"file":"logo-USF-Luxembourg.jpg","width":2311,"height":831,"mime_type":"image\/jpeg","source_url":"https:\/\/usf-luxembourg.eu\/wp-content\/uploads\/2023\/09\/logo-USF-Luxembourg.jpg"}},"image_meta":{"aperture":"0","credit":"","camera":"","caption":"","created_timestamp":"0","copyright":"","focal_length":"0","iso":"0","shutter_speed":"0","title":"","orientation":"0","keywords":[]}},"post":null,"source_url":"https:\/\/usf-luxembourg.eu\/wp-content\/uploads\/2023\/09\/logo-USF-Luxembourg.jpg","_links":{"self":[{"href":"https:\/\/usf-luxembourg.eu\/en\/wp-json\/wp\/v2\/media\/4884","targetHints":{"allow":["GET"]}}],"collection":[{"href":"https:\/\/usf-luxembourg.eu\/en\/wp-json\/wp\/v2\/media"}],"about":[{"href":"https:\/\/usf-luxembourg.eu\/en\/wp-json\/wp\/v2\/types\/attachment"}],"author":[{"embeddable":true,"href":"https:\/\/usf-luxembourg.eu\/en\/wp-json\/wp\/v2\/users\/6"}],"replies":[{"embeddable":true,"href":"https:\/\/usf-luxembourg.eu\/en\/wp-json\/wp\/v2\/comments?post=4884"}]}}